{"id":33003,"date":"2022-05-10T14:12:42","date_gmt":"2022-05-10T12:12:42","guid":{"rendered":"https:\/\/galiciagreenspainproperty.com\/galicia\/pontevedra\/"},"modified":"2022-05-15T15:20:36","modified_gmt":"2022-05-15T13:20:36","slug":"pontevedra","status":"publish","type":"page","link":"https:\/\/galiciagreenspainproperty.com\/es\/galicia\/pontevedra\/","title":{"rendered":"Pontevedra"},"content":{"rendered":"\n<p>Esta provincia limita con <a href=\"https:\/\/fascinatingspain.com\/place-to-visit\/what-to-see-in-galicia\/what-to-see-in-a-coruna\/fascinating-a-coruna-its-most-beautiful-villages\/\" target=\"_blank\" rel=\"noreferrer noopener\">A Coru\u00f1a<\/a> al norte, <a href=\"https:\/\/fascinatingspain.com\/place-to-visit\/what-to-see-in-galicia\/what-to-see-in-lugo\/fascinating-lugo-most-beautiful-villages\/\" target=\"_blank\" rel=\"noreferrer noopener\">Lugo<\/a> al noreste, <a href=\"https:\/\/fascinatingspain.com\/place-to-visit\/what-to-see-in-galicia\/what-to-see-in-ourense\/what-to-see-in-ourense-orense\/\" target=\"_blank\" rel=\"noreferrer noopener\">Ourense<\/a> al este, Portugal al sur y el <a href=\"https:\/\/fascinatingspain.com\/place-to-visit\/what-to-see-in-galicia\/what-to-see-in-pontevedra\/costa-da-vela-facing-infinite-atlantic\/\" target=\"_blank\" rel=\"noreferrer noopener\">Oc\u00e9ano Atl\u00e1ntico<\/a> al oeste, por lo que ha bebido de todas estas influencias para formar su propio car\u00e1cter. Especialmente conocido por sus incre\u00edbles ubicaciones costeras, como las de las R\u00edas Baixas y Val Mi\u00f1or. Pontevedra es tambi\u00e9n el hogar de la vibrante ciudad de Vigo con su ambiente cosmopolita, as\u00ed como de la bonita ciudad peatonal de Pontevedra. Toda la provincia es rica en historia, excelentes vinos y cocina, as\u00ed como una costa incre\u00edble y un hermoso paisaje rural.<\/p>\n\n<h2 class=\"wp-block-heading\">Ciudad de Pontevedra<\/h2>\n\n<p>Pontevedra es una ciudad en el noroeste de Espa\u00f1a. Es conocido por su casco antiguo bien conservado y la bas\u00edlica g\u00f3tica de Santa Mar\u00eda la Mayor. Las Ru\u00ednas de San Domingos son los restos de un convento del siglo XIV. Cerca de all\u00ed, el museo Sexto Edificio exhibe arte gallego. Al noreste, Illa das Esculturas es una isla con esculturas al aire libre. Al noroeste de la ciudad, Mosteiro de Santa Mar\u00eda de Armenteira es un monasterio cisterciense del siglo XII.<\/p>\n\n<p>La ciudad es principalmente peatonal y tiene una gran cantidad de caf\u00e9s restaurante.<\/p>\n\n<figure class=\"wp-block-embed is-type-video is-provider-youtube wp-block-embed-youtube wp-embed-aspect-16-9 wp-has-aspect-ratio\"><div class=\"wp-block-embed__wrapper\">\n<div class=\"video-container\"><iframe title=\"Imagina una ciudad... Pontevedra - Visit Pontevedra\" width=\"1200\" height=\"675\" src=\"https:\/\/www.youtube.com\/embed\/I3xbUNXAJPo?feature=oembed\" frameborder=\"0\" allow=\"accelerometer; autoplay; clipboard-write; encrypted-media; gyroscope; picture-in-picture\" allowfullscreen><\/iframe><\/div>\n<\/div><\/figure>\n\n<div class=\"wp-block-webfactory-map\"><div class=\"wp-block-webfactory-map\"><iframe width=\"100%\" height=\"300px\" src=\"https:\/\/www.google.com\/maps\/embed\/v1\/place?q=Pontevedra%20Town&amp;maptype=roadmap&amp;zoom=13&amp;key=AIzaSyAjyDspiPfzEfjRSS5fQzm-3jHFjHxeXB4\" frameborder=\"0\"><\/iframe><\/div><\/div>\n\n<h2 class=\"wp-block-heading\">Cerdedo<\/h2>\n\n<p>Disfruta del patrimonio natural y cultural en Cerdedo-Cotobade. Echa un vistazo a nuestras propuestas. Galicia y sus espacios m\u00e1gicos, salvajes y protegidos. Su arte, su Arquitectura, sus iglesias, sus conjuntos hist\u00f3rico-culturales, sus archivos, bibliotecas, museos, Parques Etnogr\u00e1ficos, \u00c1reas Recreativas, Miradores, Playas y R\u00edas.Cerdedo es un antiguo municipio de Galicia, Espa\u00f1a en la provincia de Pontevedra.<\/p>\n\n<figure class=\"wp-block-embed is-type-video is-provider-youtube wp-block-embed-youtube wp-embed-aspect-16-9 wp-has-aspect-ratio\"><div class=\"wp-block-embed__wrapper\">\n<div class=\"video-container\"><iframe title=\"EN LO ALTO DE O SEIXO (CERDEDO)\" width=\"1200\" height=\"675\" src=\"https:\/\/www.youtube.com\/embed\/TaGu5grin08?feature=oembed\" frameborder=\"0\" allow=\"accelerometer; autoplay; clipboard-write; encrypted-media; gyroscope; picture-in-picture\" allowfullscreen><\/iframe><\/div>\n<\/div><\/figure>\n\n<div class=\"wp-block-webfactory-map\"><div class=\"wp-block-webfactory-map\"><iframe width=\"100%\" height=\"300px\" src=\"https:\/\/www.google.com\/maps\/embed\/v1\/place?q=Cerdedo%2C%20Spain&amp;maptype=roadmap&amp;zoom=13&amp;key=AIzaSyAjyDspiPfzEfjRSS5fQzm-3jHFjHxeXB4\" frameborder=\"0\"><\/iframe><\/div><\/div>\n\n<h2 class=\"wp-block-heading\">Ponte Caldelas<\/h2>\n\n<figure class=\"wp-block-embed is-type-video is-provider-youtube wp-block-embed-youtube wp-embed-aspect-16-9 wp-has-aspect-ratio\"><div class=\"wp-block-embed__wrapper\">\n<div class=\"video-container\"><iframe title=\"\u2728Noches de verano y terraceo en el Ayuntamiento de Ponte Caldelas - Pontevedra.\" width=\"1200\" height=\"675\" src=\"https:\/\/www.youtube.com\/embed\/RR6UTu2GPFY?feature=oembed\" frameborder=\"0\" allow=\"accelerometer; autoplay; clipboard-write; encrypted-media; gyroscope; picture-in-picture\" allowfullscreen><\/iframe><\/div>\n<\/div><\/figure>\n\n<div class=\"wp-block-webfactory-map\"><div class=\"wp-block-webfactory-map\"><iframe width=\"100%\" height=\"300px\" src=\"https:\/\/www.google.com\/maps\/embed\/v1\/place?q=Ponte%20Caldelas&amp;maptype=roadmap&amp;zoom=14&amp;key=AIzaSyAjyDspiPfzEfjRSS5fQzm-3jHFjHxeXB4\" frameborder=\"0\"><\/iframe><\/div><\/div>\n\n<h2 class=\"wp-block-heading\">Xustans<\/h2>\n\n<p>Xust\u00e1ns es una parroquia situada en el municipio de Ponte Caldelas, Espa\u00f1a. La poblaci\u00f3n era 553 en el censo de 2013. Xust\u00e1ns se encuentra al NO de Espa\u00f1a y al SE de Galicia. Es una zona de campo cercana a la ciudad de Pontevedra<\/p>\n\n<div class=\"wp-block-webfactory-map\"><div class=\"wp-block-webfactory-map\"><iframe width=\"100%\" height=\"300px\" src=\"https:\/\/www.google.com\/maps\/embed\/v1\/place?q=Xustans&amp;maptype=roadmap&amp;zoom=14&amp;key=AIzaSyAjyDspiPfzEfjRSS5fQzm-3jHFjHxeXB4\" frameborder=\"0\"><\/iframe><\/div><\/div>\n\n<h2 class=\"wp-block-heading\">Vigo<\/h2>\n\n<div class=\"wp-block-webfactory-map\"><div class=\"wp-block-webfactory-map\"><iframe width=\"100%\" height=\"300px\" src=\"https:\/\/www.google.com\/maps\/embed\/v1\/place?q=Vigo&amp;maptype=roadmap&amp;zoom=14&amp;key=AIzaSyAjyDspiPfzEfjRSS5fQzm-3jHFjHxeXB4\" frameborder=\"0\"><\/iframe><\/div><\/div>\n\n<h2 class=\"wp-block-heading\">Redondela<\/h2>\n\n<p>Redondela es una localidad de la provincia de Pontevedra, Galicia, al noroeste de Espa\u00f1a. El icono m\u00e1s famoso de la villa es su cielo presidido por dos importantes viaductos ferroviarios construidos en el siglo XIX. Debido a estas infraestructuras Redondela es conocida con el sobrenombre de \u00abPueblo de los viaductos\u00bb.<\/p>\n\n<div class=\"wp-block-webfactory-map\"><div class=\"wp-block-webfactory-map\"><iframe width=\"100%\" height=\"300px\" src=\"https:\/\/www.google.com\/maps\/embed\/v1\/place?q=Redondela&amp;maptype=roadmap&amp;zoom=14&amp;key=AIzaSyAjyDspiPfzEfjRSS5fQzm-3jHFjHxeXB4\" frameborder=\"0\"><\/iframe><\/div><\/div>\n\n<h2 class=\"wp-block-heading\">Cangas<\/h2>\n\n<p>Cangas, tambi\u00e9n conocida como Cangas do Morrazo, es un balneario en el suroeste de Galicia, Espa\u00f1a. Es a la vez una ciudad y municipio de la provincia de Pontevedra. Su superficie es de unos 38,1 km\u00b2 y tiene una poblaci\u00f3n de alrededor de 26.087 habitantes<\/p>\n\n<div class=\"wp-block-webfactory-map\"><div class=\"wp-block-webfactory-map\"><iframe width=\"100%\" height=\"300px\" src=\"https:\/\/www.google.com\/maps\/embed\/v1\/place?q=Cangas&amp;maptype=roadmap&amp;zoom=14&amp;key=AIzaSyAjyDspiPfzEfjRSS5fQzm-3jHFjHxeXB4\" frameborder=\"0\"><\/iframe><\/div><\/div>\n\n<h2 class=\"wp-block-heading\">Moa\u00f1a<\/h2>\n\n<p>San Mart\u00edn de Moa\u00f1a es una parroquia del municipio de Moa\u00f1a, en la provincia de Pontevedra, Galicia.<\/p>\n\n<p>Hotel y Spa muy recomendable<\/p>\n\n<p><a href=\"https:\/\/www.bienestarmoana.com\/\" target=\"_blank\" rel=\"noreferrer noopener\">https:\/\/www.bienestarmoana.com\/<\/a><\/p>\n\n<div class=\"wp-block-webfactory-map\"><div class=\"wp-block-webfactory-map\"><iframe width=\"100%\" height=\"300px\" src=\"https:\/\/www.google.com\/maps\/embed\/v1\/place?q=Moa%C3%B1a&amp;maptype=roadmap&amp;zoom=13&amp;key=AIzaSyAjyDspiPfzEfjRSS5fQzm-3jHFjHxeXB4\" frameborder=\"0\"><\/iframe><\/div><\/div>\n\n<h2 class=\"wp-block-heading\">Rias Baixas<\/h2>\n\n<p>Las R\u00edas Baixas se encuentran a lo largo de la costa entre el pueblo de Cambados y la ciudad de Pontevedra, que est\u00e1 salpicada de muchos pueblos hermosos, \u00a1La tierra del vino Albari\u00f1o! Hay tantas cosas que hacer y ver a lo largo de esta magn\u00edfica costa.<\/p>\n\n<h3 class=\"wp-block-heading\">Sanxenxo<\/h3>\n\n<p>Sanxenxo es una ubicaci\u00f3n vibrante pero elegante. Es un destino tur\u00edstico extremadamente popular, no solo por la abundancia de restaurantes, bares y una animada vida nocturna, sino tambi\u00e9n por las incre\u00edbles playas y una gran cantidad de cosas para hacer, desde deportes acu\u00e1ticos hasta relajantes spas.<\/p>\n\n<div class=\"wp-block-webfactory-map\"><div class=\"wp-block-webfactory-map\"><iframe width=\"100%\" height=\"300px\" src=\"https:\/\/www.google.com\/maps\/embed\/v1\/place?q=Sanxenxo&amp;maptype=roadmap&amp;zoom=14&amp;key=AIzaSyAjyDspiPfzEfjRSS5fQzm-3jHFjHxeXB4\" frameborder=\"0\"><\/iframe><\/div><\/div>\n\n<h3 class=\"wp-block-heading\">Combarro<\/h3>\n\n<div class=\"wp-block-webfactory-map\"><div class=\"wp-block-webfactory-map\"><iframe width=\"100%\" height=\"300px\" src=\"https:\/\/www.google.com\/maps\/embed\/v1\/place?q=Combarro&amp;maptype=roadmap&amp;zoom=14&amp;key=AIzaSyAjyDspiPfzEfjRSS5fQzm-3jHFjHxeXB4\" frameborder=\"0\"><\/iframe><\/div><\/div>\n\n<h3 class=\"wp-block-heading\">Cambados<\/h3>\n\n<p>Cambados es com\u00fanmente conocida como <a href=\"http:\/\/www.parador.es\/en\/blog\/albarino-internationally-acclaimed-spanish-white-wine\" target=\"_blank\" rel=\"noreferrer noopener\">la tierra del vino Albari\u00f1o<\/a>, un famoso Este encantador pueblo costero, con su <a href=\"http:\/\/www.parador.es\/en\/paradores\/parador-de-cambados\" target=\"_blank\" rel=\"noreferrer noopener\">Parador de Cambados<\/a>, est\u00e1 ubicado en una elegante casona solariega. Tiene muchas atracciones culturales como las ruinas de Santa Mari\u00f1a de Dozo y la iglesia de San Benito. Tambi\u00e9n cuenta con una gran cantidad de bares de vinos y restaurantes a lo largo de su hermoso paseo mar\u00edtimo.<\/p>\n\n<div class=\"wp-block-webfactory-map\"><div class=\"wp-block-webfactory-map\"><iframe width=\"100%\" height=\"300px\" src=\"https:\/\/www.google.com\/maps\/embed\/v1\/place?q=Cambados&amp;maptype=roadmap&amp;zoom=14&amp;key=AIzaSyAjyDspiPfzEfjRSS5fQzm-3jHFjHxeXB4\" frameborder=\"0\"><\/iframe><\/div><\/div>\n\n<h3 class=\"wp-block-heading\">O Grove<\/h3>\n\n<p>Ubicada en la isla exclusiva A Toxa, justo al lado de O Grove, se encuentra la famosa iglesia cubierta de conchas y definitivamente vale la pena visitarla. O Grove es bien conocido por su hermoso tramo de playas, \u00a1como la espectacular La Lanzada!<\/p>\n\n<p>Originalmente un pueblo de pescadores, est\u00e1 sembrado de encantadoras calles para explorar y ofrece espl\u00e9ndidas vistas de la costa rocosa a lo largo del paseo mar\u00edtimo de san Vicente.<\/p>\n\n<p>O Grove tambi\u00e9n es conocido como el Para\u00edso de las Playas<\/p>\n\n<div class=\"wp-block-webfactory-map\"><div class=\"wp-block-webfactory-map\"><iframe width=\"100%\" height=\"300px\" src=\"https:\/\/www.google.com\/maps\/embed\/v1\/place?q=O%20Grove&amp;maptype=roadmap&amp;zoom=14&amp;key=AIzaSyAjyDspiPfzEfjRSS5fQzm-3jHFjHxeXB4\" frameborder=\"0\"><\/iframe><\/div><\/div>\n\n<h3 class=\"wp-block-heading\">Aldan<\/h3>\n\n<div class=\"wp-block-webfactory-map\"><div class=\"wp-block-webfactory-map\"><iframe width=\"100%\" height=\"300px\" src=\"https:\/\/www.google.com\/maps\/embed\/v1\/place?q=Aldan&amp;maptype=roadmap&amp;zoom=14&amp;key=AIzaSyAjyDspiPfzEfjRSS5fQzm-3jHFjHxeXB4\" frameborder=\"0\"><\/iframe><\/div><\/div>\n\n<h2 class=\"wp-block-heading\">Estrada<\/h2>\n\n<p>Estrada es una zona rural extremadamente verde, tranquila y hermosa, escasamente salpicada de peque\u00f1os pueblos y aldeas.<\/p>\n\n<p>El \u00e1rea en general es una mir\u00edada de caminos sinuosos de un campo bien cuidado. Su cercan\u00eda a Santiago de Compostela hace que las comunicaciones internacionales y todas las comodidades que ofrece una ciudad est\u00e9n al alcance de la mano.<\/p>\n\n<p>Estrada pertenece a Tabeir\u00f3s-Terra De Montes (Tierra de monta\u00f1a\/colinas) y est\u00e1 plagada de una gran cantidad de monumentos hist\u00f3ricos y antiguas iglesias y edificios de piedra.<\/p>\n\n<p>Estrada tambi\u00e9n tiene una gran cantidad de costumbres tradicionales, gastronom\u00eda y fiestas y festivales de celebraci\u00f3n como el Festival del Salm\u00f3n.<\/p>\n\n<div class=\"wp-block-webfactory-map\"><div class=\"wp-block-webfactory-map\"><iframe width=\"100%\" height=\"300px\" src=\"https:\/\/www.google.com\/maps\/embed\/v1\/place?q=Estrada&amp;maptype=roadmap&amp;zoom=13&amp;key=AIzaSyAjyDspiPfzEfjRSS5fQzm-3jHFjHxeXB4\" frameborder=\"0\"><\/iframe><\/div><\/div>\n\n<h2 class=\"wp-block-heading\">Mondariz-Balneario<\/h2>\n\n<div class=\"wp-block-webfactory-map\"><div class=\"wp-block-webfactory-map\"><iframe width=\"100%\" height=\"300px\" src=\"https:\/\/www.google.com\/maps\/embed\/v1\/place?q=Mondariz&amp;maptype=roadmap&amp;zoom=13&amp;key=AIzaSyAjyDspiPfzEfjRSS5fQzm-3jHFjHxeXB4\" frameborder=\"0\"><\/iframe><\/div><\/div>\n\n<h2 class=\"wp-block-heading\">Ponteareas<\/h2>\n\n<p>Ponteareas es una localidad y municipio de la provincia de Pontevedra, en Espa\u00f1a. Se encuentra en la carretera Vigo-Benavente y sobre el r\u00edo Tea, afluente por la derecha del Mi\u00f1o. Es la ciudad principal de una f\u00e9rtil regi\u00f3n monta\u00f1osa, que produce vino, cereales y frutas, y contiene muchas granjas de ganado.<\/p>\n\n<div class=\"wp-block-webfactory-map\"><div class=\"wp-block-webfactory-map\"><iframe width=\"100%\" height=\"300px\" src=\"https:\/\/www.google.com\/maps\/embed\/v1\/place?q=Pontearas&amp;maptype=roadmap&amp;zoom=13&amp;key=AIzaSyAjyDspiPfzEfjRSS5fQzm-3jHFjHxeXB4\" frameborder=\"0\"><\/iframe><\/div><\/div>\n\n<h2 class=\"wp-block-heading\">As Neves<\/h2>\n\n<div class=\"wp-block-webfactory-map\"><div class=\"wp-block-webfactory-map\"><iframe width=\"100%\" height=\"300px\" src=\"https:\/\/www.google.com\/maps\/embed\/v1\/place?q=As%20Neves&amp;maptype=roadmap&amp;zoom=13&amp;key=AIzaSyAjyDspiPfzEfjRSS5fQzm-3jHFjHxeXB4\" frameborder=\"0\"><\/iframe><\/div><\/div>\n\n<h2 class=\"wp-block-heading\">Covelo<\/h2>\n\n<div class=\"wp-block-webfactory-map\"><div class=\"wp-block-webfactory-map\"><iframe width=\"100%\" height=\"300px\" src=\"https:\/\/www.google.com\/maps\/embed\/v1\/place?q=Covelo&amp;maptype=roadmap&amp;zoom=13&amp;key=AIzaSyAjyDspiPfzEfjRSS5fQzm-3jHFjHxeXB4\" frameborder=\"0\"><\/iframe><\/div><\/div>\n\n<h2 class=\"wp-block-heading\">Salceda de Caselas<\/h2>\n\n<div class=\"wp-block-webfactory-map\"><div class=\"wp-block-webfactory-map\"><iframe width=\"100%\" height=\"300px\" src=\"https:\/\/www.google.com\/maps\/embed\/v1\/place?q=Salceda%20de%20Caselas&amp;maptype=roadmap&amp;zoom=13&amp;key=AIzaSyAjyDspiPfzEfjRSS5fQzm-3jHFjHxeXB4\" frameborder=\"0\"><\/iframe><\/div><\/div>\n\n<h2 class=\"wp-block-heading\">Val mi\u00f1or<\/h2>\n\n<p>Val Mi\u00f1or es una de las zonas m\u00e1s bellas situadas en la R\u00eda de Vigo y Baixo Mi\u00f1o. Baiona, Gondomar y Nigr\u00e1n son los tres pueblos y concejos que componen El valmi\u00f1or. Est\u00e1n situados en la costa, pero tambi\u00e9n se extienden tierra adentro hacia terrenos naturales m\u00e1s rurales.<\/p>\n\n<p>.La Vla Mi\u00f1or es una de las principales zonas tur\u00edsticas de Galicia tanto por su belleza natural como por sus atractivos culturales y de ocio.<\/p>\n\n<p>La regi\u00f3n tiene artefactos de miles de a\u00f1os de historia como por sus sitios paleol\u00edticos. Castros, arte rom\u00e1nico, monasterios, puentes y castillos son algunas de las huellas del pasado que han perdurado en Val Mi\u00f1or.<\/p>\n\n<p>Son parques naturales y espacios rurales lugares como la Serra da Groba, Cabo Silleiro o la Foz del R\u00edo Mi\u00f1or son un gran atractivo para la zona.<\/p>\n\n<p>La zona tambi\u00e9n ofrece una rica gastronom\u00eda, una animada vida nocturna, lugares para disfrutar de las aguas termales sin olvidar una gama de actividades disponibles que incluyen deportes n\u00e1uticos y acu\u00e1ticos, as\u00ed como deportes de aventura. Las calas secretas y las espectaculares playas de Val Mi\u00f1or son un destino ideal para relajarse, nadar, tomar el sol o pasear<\/p>\n\n<div class=\"wp-block-webfactory-map\"><div class=\"wp-block-webfactory-map\"><iframe width=\"100%\" height=\"300px\" src=\"https:\/\/www.google.com\/maps\/embed\/v1\/place?q=Val%20Minor&amp;maptype=roadmap&amp;zoom=13&amp;key=AIzaSyAjyDspiPfzEfjRSS5fQzm-3jHFjHxeXB4\" frameborder=\"0\"><\/iframe><\/div><\/div>\n\n<h3 class=\"wp-block-heading\">Nigran<\/h3>\n\n<p>Situado en la hermosa regi\u00f3n de Val Mi\u00f1or, Nigr\u00e1n, es un destino muy popular debido a su atractivo puerto en Panjon con su paseo mar\u00edtimo que da a la famosa Playa Am\u00e9rica con cafeter\u00edas y restaurantes que ofrecen cocina local fresca.<\/p>\n\n<p>Nigr\u00e1n es mar y monta\u00f1a, lugar de pazos, naturaleza y peque\u00f1as y grandes calas con playas de arena blanca<\/p>\n\n<p>Monteferro, un parque natural que se adentra casi un kil\u00f3metro y medio en el mar, ofreciendo unas excepcionales vistas al mar para contemplar el oc\u00e9ano y <a href=\"https:\/\/fascinatingspain.com\/place-to-visit\/what-to-see-in-galicia\/what-to-see-in-pontevedra\/things-to-do-in-the-islas-cies-cies-islands\/\" target=\"_blank\" rel=\"noreferrer noopener\">las Islas C\u00edes.<\/a> Las C\u00edes &#8211; una id\u00edlica Reserva Natural que tiene el aspecto de una isla paradis\u00edaca en el Caribe m\u00e1s que en el norte de Espa\u00f1a. Se pueden realizar excursiones de un d\u00eda en Barco desde Bayona o el Puerto de Vigo.<\/p>\n\n<div class=\"wp-block-webfactory-map\"><div class=\"wp-block-webfactory-map\"><iframe width=\"100%\" height=\"300px\" src=\"https:\/\/www.google.com\/maps\/embed\/v1\/place?q=Nigran&amp;maptype=roadmap&amp;zoom=13&amp;key=AIzaSyAjyDspiPfzEfjRSS5fQzm-3jHFjHxeXB4\" frameborder=\"0\"><\/iframe><\/div><\/div>\n\n<h3 class=\"wp-block-heading\">Bayonne<\/h3>\n\n<p>Bayona es uno de los destinos costeros favoritos para pasar el d\u00eda, el fin de semana o como destino de vacaciones.<\/p>\n\n<p> Tiene un fabuloso casco antiguo y festivales medievales regulares que celebran la partida de Crist\u00f3bal Col\u00f3n a las Am\u00e9ricas en 1492. El Pintor ocupa un lugar en el impresionante puerto deportivo de la antigua villa de pescadores, ensombrecido por un hermoso Parador Hist\u00f3rico.<\/p>\n\n<p>Hay una gran cantidad de restaurantes que ofrecen lo mejor de la cocina de mariscos frescos, as\u00ed como elegantes bares y tiendas.<\/p>\n\n<p>El pueblo tambi\u00e9n tiene sus propias playas y celebra muchas Fiestas\/conciertos\/festivales.<\/p>\n\n<p>La Fiesta de Arriba<\/p>\n\n<figure class=\"wp-block-embed is-type-wp-embed is-provider-perder-el-rumbo wp-block-embed-perder-el-rumbo\"><div class=\"wp-block-embed__wrapper\">\n<div class=\"video-container\"><blockquote class=\"wp-embedded-content\" data-secret=\"Saf5l0pqLQ\"><a href=\"https:\/\/perderelrumbo.com\/que-ver-en-baiona\/\">Qu\u00e9 ver en Baiona. 12 lugares que no te debes perder<\/a><\/blockquote><iframe class=\"wp-embedded-content\" sandbox=\"allow-scripts\" security=\"restricted\" style=\"position: absolute; clip: rect(1px, 1px, 1px, 1px);\" title=\"\u00abQu\u00e9 ver en Baiona. 12 lugares que no te debes perder\u00bb \u2014 Perder el Rumbo\" src=\"https:\/\/perderelrumbo.com\/que-ver-en-baiona\/embed\/#?secret=4ZXdgnyX0a#?secret=Saf5l0pqLQ\" data-secret=\"Saf5l0pqLQ\" width=\"600\" height=\"338\" frameborder=\"0\" marginwidth=\"0\" marginheight=\"0\" scrolling=\"no\"><\/iframe><\/div>\n<\/div><\/figure>\n\n<h3 class=\"wp-block-heading\">Gondomar<\/h3>\n\n<p>Gondomar no es solo un bonito pueblo rodeado de hermosas zonas verdes y rurales, sino que tambi\u00e9n es un lugar \u00fanico, ya que se encuentra dentro del codiciado Val Mi\u00f1or, que significa Valle Mi\u00f1or, y se beneficia probablemente del mejor microclima de Galicia, as\u00ed como de su proximidad a playas espectaculares como Playa Am\u00e9rica y el elegante pueblo pesquero de Bayona. <\/p>\n\n<p>La zona tiene f\u00e1cil acceso a la autov\u00eda que tarda 12 minutos en llegar a la ciudad de Vigo. Aqu\u00ed tienes todas las comodidades y comunicaciones que puedas desear, un aeropuerto internacional, trenes incluyendo los r\u00e1pidos a Madrid o A Coru\u00f1a as\u00ed como Multitud de servicios de autob\u00fas.<\/p>\n\n<p>La frontera portuguesa est\u00e1 a 20 minutos, al igual que las playas de la orilla del r\u00edo y dos puentes para cruzar y disfrutar de los maravillosos pueblos que se encuentran en el norte de Portugal.<\/p>\n\n<p>La cocina de esta zona es uno de los muchos atractivos de otros espa\u00f1oles que suelen pasar sus vacaciones en el Val Mi\u00f1or, pero sobre todo en las zonas vecinas de Nigran y Bayona, donde encontrar\u00e1 multitud de restaurantes, cafeter\u00edas y cafeter\u00edas.<\/p>\n\n<p>Gondomar se beneficia de no tener demasiado hacinamiento durante los meses de verano, pero tiene un pueblo continuamente pr\u00f3spero y algunos bares y restaurantes elegantes propios.<\/p>\n\n<p>Gondomar tambi\u00e9n ofrece todas las comodidades que pueda necesitar, incluidas las oficinas del ayuntamiento, las estaciones de Polic\u00eda\/Guardia Civil, supermercados, centros de jardiner\u00eda y un mercado de alimentos frescos.<\/p>\n\n<p> Tambi\u00e9n tiene una impresionante iglesia pintoresca en el centro, as\u00ed como una serie de otros barrios locales. Ramallosa, que est\u00e1 a menos de dos minutos en coche hacia la costa, tambi\u00e9n tiene un centro comercial de tama\u00f1o mediano. Se pueden encontrar centros comerciales m\u00e1s grandes en Vigo, Tuy y Portugal, todos los cuales Gondomar es central. <\/p>\n\n<p>Hay varias escuelas en Gondomar: infantil, primaria y dos escuelas secundarias (la tercera en su frontera con Nigran). Tambi\u00e9n hay una escuela internacional que ofrece educaci\u00f3n estilo Montessori hasta los 12 a\u00f1os y una escuela brit\u00e1nica a 15 minutos y que ofrece autob\u00fas escolar. recogida \/ devoluci\u00f3n a trav\u00e9s de Gondomar. <\/p>\n\n<p>Hay muchas celebraciones, festivales y conciertos en Gondomar, especialmente en primavera y verano. Siempre puede disfrutar del pulpo servido tradicionalmente (Pulpo) en los fines de semana cenando al aire libre en la plaza del pueblo. <\/p>\n\n<p>Muchos lugares de inter\u00e9s hist\u00f3rico, un gran parque, varias \u00e1reas deportivas y campos de f\u00fatbol, rutas de senderismo, paseos por la orilla del r\u00edo y espacios naturales para d\u00edas de picnic. lejos. <\/p>\n\n<figure class=\"wp-block-embed is-type-video is-provider-youtube wp-block-embed-youtube wp-embed-aspect-16-9 wp-has-aspect-ratio\"><div class=\"wp-block-embed__wrapper\">\n<div class=\"video-container\"><iframe title=\"V\u00eddeo de turismo Concello de Gondomar\" width=\"1200\" height=\"675\" src=\"https:\/\/www.youtube.com\/embed\/IOP1PUasLS8?feature=oembed\" frameborder=\"0\" allow=\"accelerometer; autoplay; clipboard-write; encrypted-media; gyroscope; picture-in-picture\" allowfullscreen><\/iframe><\/div>\n<\/div><\/figure>\n\n<figure class=\"wp-block-embed is-type-video is-provider-youtube wp-block-embed-youtube wp-embed-aspect-16-9 wp-has-aspect-ratio\"><div class=\"wp-block-embed__wrapper\">\n<div class=\"video-container\"><iframe title=\"Gondomar-Val Mi\u00f1or-Rias Baixas-Galicia (www.valminor.tv)\" width=\"1200\" height=\"675\" src=\"https:\/\/www.youtube.com\/embed\/LPY132Ygufc?feature=oembed\" frameborder=\"0\" allow=\"accelerometer; autoplay; clipboard-write; encrypted-media; gyroscope; picture-in-picture\" allowfullscreen><\/iframe><\/div>\n<\/div><\/figure>\n\n<div class=\"wp-block-webfactory-map\"><div class=\"wp-block-webfactory-map\"><iframe width=\"100%\" height=\"300px\" src=\"https:\/\/www.google.com\/maps\/embed\/v1\/place?q=Gondomar&amp;maptype=roadmap&amp;zoom=13&amp;key=AIzaSyAjyDspiPfzEfjRSS5fQzm-3jHFjHxeXB4\" frameborder=\"0\"><\/iframe><\/div><\/div>\n\n<h2 class=\"wp-block-heading\">Baixo Mi\u00f1o<\/h2>\n\n<h3 class=\"wp-block-heading\">Oia<\/h3>\n\n<div class=\"wp-block-webfactory-map\"><div class=\"wp-block-webfactory-map\"><iframe width=\"100%\" height=\"300px\" src=\"https:\/\/www.google.com\/maps\/embed\/v1\/place?q=Oia&amp;maptype=roadmap&amp;zoom=13&amp;key=AIzaSyAjyDspiPfzEfjRSS5fQzm-3jHFjHxeXB4\" frameborder=\"0\"><\/iframe><\/div><\/div>\n\n<h3 class=\"wp-block-heading\">Torro\u00f1a<\/h3>\n\n<p>Este peque\u00f1o pueblo est\u00e1 situado en lo alto detr\u00e1s de la bah\u00eda de Val Mi\u00f1or, est\u00e1 rodeado de un paisaje natural, en parte bosque, en parte terreno monta\u00f1oso abierto.<\/p>\n\n<p>\u00a1Aqu\u00ed el ganado y los caballos salvajes campan a sus anchas!<\/p>\n\n<p>Un favorito para los excursionistas, jinetes y ciclistas, as\u00ed como para los cazadores de setas. Esta \u00e1rea tiene vista a la bah\u00eda y al mar abierto con vistas imposibles de superar.<\/p>\n\n<div class=\"wp-block-webfactory-map\"><div class=\"wp-block-webfactory-map\"><iframe width=\"100%\" height=\"300px\" src=\"https:\/\/www.google.com\/maps\/embed\/v1\/place?q=Torro%C3%B1a&amp;maptype=roadmap&amp;zoom=13&amp;key=AIzaSyAjyDspiPfzEfjRSS5fQzm-3jHFjHxeXB4\" frameborder=\"0\"><\/iframe><\/div><\/div>\n\n<h3 class=\"wp-block-heading\">Mougas<\/h3>\n\n<div class=\"wp-block-webfactory-map\"><div class=\"wp-block-webfactory-map\"><iframe width=\"100%\" height=\"300px\" src=\"https:\/\/www.google.com\/maps\/embed\/v1\/place?q=Mougas&amp;maptype=roadmap&amp;zoom=13&amp;key=AIzaSyAjyDspiPfzEfjRSS5fQzm-3jHFjHxeXB4\" frameborder=\"0\"><\/iframe><\/div><\/div>\n\n<h3 class=\"wp-block-heading\">La Guardia<\/h3>\n\n<div class=\"wp-block-webfactory-map\"><div class=\"wp-block-webfactory-map\"><iframe width=\"100%\" height=\"300px\" src=\"https:\/\/www.google.com\/maps\/embed\/v1\/place?q=La%20GUardia&amp;maptype=roadmap&amp;zoom=13&amp;key=AIzaSyAjyDspiPfzEfjRSS5fQzm-3jHFjHxeXB4\" frameborder=\"0\"><\/iframe><\/div><\/div>\n\n<h3 class=\"wp-block-heading\">Tomi\u00f1o<\/h3>\n\n<div class=\"wp-block-webfactory-map\"><div class=\"wp-block-webfactory-map\"><iframe width=\"100%\" height=\"300px\" src=\"https:\/\/www.google.com\/maps\/embed\/v1\/place?q=Tomi%C3%B1o&amp;maptype=roadmap&amp;zoom=13&amp;key=AIzaSyAjyDspiPfzEfjRSS5fQzm-3jHFjHxeXB4\" frameborder=\"0\"><\/iframe><\/div><\/div>\n\n<h3 class=\"wp-block-heading\">Tuy<\/h3>\n\n<div class=\"wp-block-webfactory-map\"><div class=\"wp-block-webfactory-map\"><iframe width=\"100%\" height=\"300px\" src=\"https:\/\/www.google.com\/maps\/embed\/v1\/place?q=Tuy&amp;maptype=roadmap&amp;zoom=13&amp;key=AIzaSyAjyDspiPfzEfjRSS5fQzm-3jHFjHxeXB4\" frameborder=\"0\"><\/iframe><\/div><\/div>\n\n<h3 class=\"wp-block-heading\">El Rosal<\/h3>\n\n<div class=\"wp-block-webfactory-map\"><div class=\"wp-block-webfactory-map\"><iframe width=\"100%\" height=\"300px\" src=\"https:\/\/www.google.com\/maps\/embed\/v1\/place?q=El%20Rosal&amp;maptype=roadmap&amp;zoom=12&amp;key=AIzaSyAjyDspiPfzEfjRSS5fQzm-3jHFjHxeXB4\" frameborder=\"0\"><\/iframe><\/div><\/div>\n\n<h3 class=\"wp-block-heading\">Barro<\/h3>\n\n<p>Barro se encuentra en un inmejorable parque natural del r\u00edo Barosa. Dentro de este parque, merece la pena realizar una ruta de senderismo que te descubrir\u00e1, entre otros, los cerca de veinte molinos de agua repartidos por el r\u00edo. Tambi\u00e9n tiene una hermosa cascada incre\u00edble. El pueblo cuenta con interesantes conjuntos hist\u00f3ricos como el Pazo da Crega y monumentos como la iglesia de San Marti\u00f1o de Agudelo, del siglo XII, uno de los mejores ejemplos del rom\u00e1nico gallego en la provincia.<\/p>\n\n<div class=\"wp-block-webfactory-map\"><div class=\"wp-block-webfactory-map\"><iframe width=\"100%\" height=\"300px\" src=\"https:\/\/www.google.com\/maps\/embed\/v1\/place?q=Barro&amp;maptype=roadmap&amp;zoom=13&amp;key=AIzaSyAjyDspiPfzEfjRSS5fQzm-3jHFjHxeXB4\" frameborder=\"0\"><\/iframe><\/div><\/div>\n\n<h3 class=\"wp-block-heading\">Caldas de Reis<\/h3>\n\n<p>Caldas de Reis con sus encantadoras calles empedradas y varios puntos de inter\u00e9s, como el manantial termal de Las Burgas. El n\u00facleo urbano tiene una curiosa fuente de la que brota agua caliente y tambi\u00e9n cuenta con un antiguo puente romano de piedra. Los incre\u00edbles paisajes crean hermosos senderos para caminatas y muchas \u00e1reas de ba\u00f1o \u00edntimas rodeadas de naturaleza.<\/p>\n\n<div class=\"wp-block-webfactory-map\"><div class=\"wp-block-webfactory-map\"><iframe width=\"100%\" height=\"300px\" src=\"https:\/\/www.google.com\/maps\/embed\/v1\/place?q=Caldas%20de%20Reis&amp;maptype=roadmap&amp;zoom=13&amp;key=AIzaSyAjyDspiPfzEfjRSS5fQzm-3jHFjHxeXB4\" frameborder=\"0\"><\/iframe><\/div><\/div>\n\n<h3 class=\"wp-block-heading\">Combarro<\/h3>\n\n<p>Combarro se dice que es <strong>uno de los pueblos m\u00e1s bonitos de Galicia<\/strong> <strong>a orillas<\/strong> del Atl\u00e1ntico.<\/p>\n\n<p>Lo que la hace tan bell\u00edsima, adem\u00e1s, es su esencia, su historia: Es un pueblo marinero en el que se construyeron decenas de h\u00f3rreos, anta\u00f1o necesarios para la conservaci\u00f3n de los alimentos. Una atracci\u00f3n tur\u00edstica muy popular a pesar de las peque\u00f1as calles de este pintoresco pueblo.<\/p>\n\n<div class=\"wp-block-webfactory-map\"><div class=\"wp-block-webfactory-map\"><iframe width=\"100%\" height=\"300px\" src=\"https:\/\/www.google.com\/maps\/embed\/v1\/place?q=Combarro&amp;maptype=roadmap&amp;zoom=13&amp;key=AIzaSyAjyDspiPfzEfjRSS5fQzm-3jHFjHxeXB4\" frameborder=\"0\"><\/iframe><\/div><\/div>\n\n<h3 class=\"wp-block-heading\">Isla de Arousa<\/h3>\n\n<p>Situada frente a Villanueva de Arousa se encuentra esta isla que fue declarada Parque Natural por la Uni\u00f3n Europea. Se tom\u00f3 esta decisi\u00f3n por los 36 km de costa que tiene, de los cuales once est\u00e1n formados por hermosas playas de arena blanca y fina. Tambi\u00e9n es un popular destino tur\u00edstico, unido a la Pen\u00ednsula Ib\u00e9rica por un puente de 2 km de largo. La Isla de Arosa est\u00e1 situada en la r\u00eda del mismo nombre y constituye una experiencia diferente dentro de Pontevedra.<\/p>\n\n<div class=\"wp-block-webfactory-map\"><div class=\"wp-block-webfactory-map\"><iframe width=\"100%\" height=\"300px\" src=\"https:\/\/www.google.com\/maps\/embed\/v1\/place?q=Isla%20de%20Arousa&amp;maptype=roadmap&amp;zoom=12&amp;key=AIzaSyAjyDspiPfzEfjRSS5fQzm-3jHFjHxeXB4\" frameborder=\"0\"><\/iframe><\/div><\/div>\n","protected":false},"excerpt":{"rendered":"<p>Esta provincia limita con A Coru\u00f1a al norte, Lugo al noreste, Ourense al este, Portugal al sur y el Oc\u00e9ano Atl\u00e1ntico al oeste, por lo que ha bebido de todas estas influencias para formar su propio car\u00e1cter. Especialmente conocido por sus incre\u00edbles ubicaciones costeras, como las de las R\u00edas Baixas y Val Mi\u00f1or. Pontevedra es tambi\u00e9n el hogar de la vibrante ciudad de Vigo &#8230;<\/p>\n","protected":false},"author":1,"featured_media":32977,"parent":32990,"menu_order":0,"comment_status":"closed","ping_status":"closed","template":"","meta":{"content-type":"","inline_featured_image":false,"footnotes":""},"class_list":["post-33003","page","type-page","status-publish","has-post-thumbnail","hentry"],"yoast_head":"<!-- This site is optimized with the Yoast SEO plugin v27.4 - https:\/\/yoast.com\/product\/yoast-seo-wordpress\/ -->\n<title>Pontevedra - Galicia &amp; Green Spain Relocation &amp; Property Services<\/title>\n<meta name=\"robots\" content=\"index, follow, max-snippet:-1, max-image-preview:large, max-video-preview:-1\" \/>\n<link rel=\"canonical\" href=\"https:\/\/galiciagreenspainproperty.com\/es\/galicia\/pontevedra\/\" \/>\n<meta property=\"og:locale\" content=\"es_ES\" \/>\n<meta property=\"og:type\" content=\"article\" \/>\n<meta property=\"og:title\" content=\"Pontevedra - Galicia &amp; Green Spain Relocation &amp; Property Services\" \/>\n<meta property=\"og:description\" content=\"Esta provincia limita con A Coru\u00f1a al norte, Lugo al noreste, Ourense al este, Portugal al sur y el Oc\u00e9ano Atl\u00e1ntico al oeste, por lo que ha bebido de todas estas influencias para formar su propio car\u00e1cter. Especialmente conocido por sus incre\u00edbles ubicaciones costeras, como las de las R\u00edas Baixas y Val Mi\u00f1or. Pontevedra es tambi\u00e9n el hogar de la vibrante ciudad de Vigo ...\" \/>\n<meta property=\"og:url\" content=\"https:\/\/galiciagreenspainproperty.com\/es\/galicia\/pontevedra\/\" \/>\n<meta property=\"og:site_name\" content=\"Galicia &amp; Green Spain Relocation &amp; Property Services\" \/>\n<meta property=\"article:modified_time\" content=\"2022-05-15T13:20:36+00:00\" \/>\n<meta property=\"og:image\" content=\"https:\/\/galiciagreenspainproperty.com\/wp-content\/uploads\/2022\/05\/view-of-vigo-from-the-peneda-mountain-2021-08-30-02-23-11-utc.jpg\" \/>\n\t<meta property=\"og:image:width\" content=\"2000\" \/>\n\t<meta property=\"og:image:height\" content=\"1125\" \/>\n\t<meta property=\"og:image:type\" content=\"image\/jpeg\" \/>\n<meta name=\"twitter:card\" content=\"summary_large_image\" \/>\n<meta name=\"twitter:label1\" content=\"Tiempo de lectura\" \/>\n\t<meta name=\"twitter:data1\" content=\"11 minutos\" \/>\n<script type=\"application\/ld+json\" class=\"yoast-schema-graph\">{\"@context\":\"https:\\\/\\\/schema.org\",\"@graph\":[{\"@type\":\"WebPage\",\"@id\":\"https:\\\/\\\/galiciagreenspainproperty.com\\\/es\\\/galicia\\\/pontevedra\\\/\",\"url\":\"https:\\\/\\\/galiciagreenspainproperty.com\\\/es\\\/galicia\\\/pontevedra\\\/\",\"name\":\"Pontevedra - Galicia &amp; Green Spain Relocation &amp; Property Services\",\"isPartOf\":{\"@id\":\"https:\\\/\\\/galiciagreenspainproperty.com\\\/es\\\/#website\"},\"primaryImageOfPage\":{\"@id\":\"https:\\\/\\\/galiciagreenspainproperty.com\\\/es\\\/galicia\\\/pontevedra\\\/#primaryimage\"},\"image\":{\"@id\":\"https:\\\/\\\/galiciagreenspainproperty.com\\\/es\\\/galicia\\\/pontevedra\\\/#primaryimage\"},\"thumbnailUrl\":\"https:\\\/\\\/galiciagreenspainproperty.com\\\/wp-content\\\/uploads\\\/2022\\\/05\\\/view-of-vigo-from-the-peneda-mountain-2021-08-30-02-23-11-utc.jpg\",\"datePublished\":\"2022-05-10T12:12:42+00:00\",\"dateModified\":\"2022-05-15T13:20:36+00:00\",\"breadcrumb\":{\"@id\":\"https:\\\/\\\/galiciagreenspainproperty.com\\\/es\\\/galicia\\\/pontevedra\\\/#breadcrumb\"},\"inLanguage\":\"es\",\"potentialAction\":[{\"@type\":\"ReadAction\",\"target\":[\"https:\\\/\\\/galiciagreenspainproperty.com\\\/es\\\/galicia\\\/pontevedra\\\/\"]}]},{\"@type\":\"ImageObject\",\"inLanguage\":\"es\",\"@id\":\"https:\\\/\\\/galiciagreenspainproperty.com\\\/es\\\/galicia\\\/pontevedra\\\/#primaryimage\",\"url\":\"https:\\\/\\\/galiciagreenspainproperty.com\\\/wp-content\\\/uploads\\\/2022\\\/05\\\/view-of-vigo-from-the-peneda-mountain-2021-08-30-02-23-11-utc.jpg\",\"contentUrl\":\"https:\\\/\\\/galiciagreenspainproperty.com\\\/wp-content\\\/uploads\\\/2022\\\/05\\\/view-of-vigo-from-the-peneda-mountain-2021-08-30-02-23-11-utc.jpg\",\"width\":2000,\"height\":1125},{\"@type\":\"BreadcrumbList\",\"@id\":\"https:\\\/\\\/galiciagreenspainproperty.com\\\/es\\\/galicia\\\/pontevedra\\\/#breadcrumb\",\"itemListElement\":[{\"@type\":\"ListItem\",\"position\":1,\"name\":\"Home\",\"item\":\"https:\\\/\\\/galiciagreenspainproperty.com\\\/es\\\/\"},{\"@type\":\"ListItem\",\"position\":2,\"name\":\"Galicia\",\"item\":\"https:\\\/\\\/galiciagreenspainproperty.com\\\/es\\\/galicia\\\/\"},{\"@type\":\"ListItem\",\"position\":3,\"name\":\"Pontevedra\"}]},{\"@type\":\"WebSite\",\"@id\":\"https:\\\/\\\/galiciagreenspainproperty.com\\\/es\\\/#website\",\"url\":\"https:\\\/\\\/galiciagreenspainproperty.com\\\/es\\\/\",\"name\":\"Galicia &amp; Green Spain Relocation &amp; Property Services\",\"description\":\"Galicia &amp; Green Spain Relocation &amp; Property Services\",\"publisher\":{\"@id\":\"https:\\\/\\\/galiciagreenspainproperty.com\\\/es\\\/#organization\"},\"potentialAction\":[{\"@type\":\"SearchAction\",\"target\":{\"@type\":\"EntryPoint\",\"urlTemplate\":\"https:\\\/\\\/galiciagreenspainproperty.com\\\/es\\\/?s={search_term_string}\"},\"query-input\":{\"@type\":\"PropertyValueSpecification\",\"valueRequired\":true,\"valueName\":\"search_term_string\"}}],\"inLanguage\":\"es\"},{\"@type\":\"Organization\",\"@id\":\"https:\\\/\\\/galiciagreenspainproperty.com\\\/es\\\/#organization\",\"name\":\"Galicia Green Spain Property\",\"url\":\"https:\\\/\\\/galiciagreenspainproperty.com\\\/es\\\/\",\"logo\":{\"@type\":\"ImageObject\",\"inLanguage\":\"es\",\"@id\":\"https:\\\/\\\/galiciagreenspainproperty.com\\\/es\\\/#\\\/schema\\\/logo\\\/image\\\/\",\"url\":\"https:\\\/\\\/galiciagreenspainproperty.com\\\/wp-content\\\/uploads\\\/2022\\\/05\\\/gg-logo-white-background-150x132-1.jpg\",\"contentUrl\":\"https:\\\/\\\/galiciagreenspainproperty.com\\\/wp-content\\\/uploads\\\/2022\\\/05\\\/gg-logo-white-background-150x132-1.jpg\",\"width\":150,\"height\":132,\"caption\":\"Galicia Green Spain Property\"},\"image\":{\"@id\":\"https:\\\/\\\/galiciagreenspainproperty.com\\\/es\\\/#\\\/schema\\\/logo\\\/image\\\/\"}}]}<\/script>\n<!-- \/ Yoast SEO plugin. -->","yoast_head_json":{"title":"Pontevedra - Galicia &amp; Green Spain Relocation &amp; Property Services","robots":{"index":"index","follow":"follow","max-snippet":"max-snippet:-1","max-image-preview":"max-image-preview:large","max-video-preview":"max-video-preview:-1"},"canonical":"https:\/\/galiciagreenspainproperty.com\/es\/galicia\/pontevedra\/","og_locale":"es_ES","og_type":"article","og_title":"Pontevedra - Galicia &amp; Green Spain Relocation &amp; Property Services","og_description":"Esta provincia limita con A Coru\u00f1a al norte, Lugo al noreste, Ourense al este, Portugal al sur y el Oc\u00e9ano Atl\u00e1ntico al oeste, por lo que ha bebido de todas estas influencias para formar su propio car\u00e1cter. Especialmente conocido por sus incre\u00edbles ubicaciones costeras, como las de las R\u00edas Baixas y Val Mi\u00f1or. Pontevedra es tambi\u00e9n el hogar de la vibrante ciudad de Vigo ...","og_url":"https:\/\/galiciagreenspainproperty.com\/es\/galicia\/pontevedra\/","og_site_name":"Galicia &amp; Green Spain Relocation &amp; Property Services","article_modified_time":"2022-05-15T13:20:36+00:00","og_image":[{"width":2000,"height":1125,"url":"https:\/\/galiciagreenspainproperty.com\/wp-content\/uploads\/2022\/05\/view-of-vigo-from-the-peneda-mountain-2021-08-30-02-23-11-utc.jpg","type":"image\/jpeg"}],"twitter_card":"summary_large_image","twitter_misc":{"Tiempo de lectura":"11 minutos"},"schema":{"@context":"https:\/\/schema.org","@graph":[{"@type":"WebPage","@id":"https:\/\/galiciagreenspainproperty.com\/es\/galicia\/pontevedra\/","url":"https:\/\/galiciagreenspainproperty.com\/es\/galicia\/pontevedra\/","name":"Pontevedra - Galicia &amp; Green Spain Relocation &amp; Property Services","isPartOf":{"@id":"https:\/\/galiciagreenspainproperty.com\/es\/#website"},"primaryImageOfPage":{"@id":"https:\/\/galiciagreenspainproperty.com\/es\/galicia\/pontevedra\/#primaryimage"},"image":{"@id":"https:\/\/galiciagreenspainproperty.com\/es\/galicia\/pontevedra\/#primaryimage"},"thumbnailUrl":"https:\/\/galiciagreenspainproperty.com\/wp-content\/uploads\/2022\/05\/view-of-vigo-from-the-peneda-mountain-2021-08-30-02-23-11-utc.jpg","datePublished":"2022-05-10T12:12:42+00:00","dateModified":"2022-05-15T13:20:36+00:00","breadcrumb":{"@id":"https:\/\/galiciagreenspainproperty.com\/es\/galicia\/pontevedra\/#breadcrumb"},"inLanguage":"es","potentialAction":[{"@type":"ReadAction","target":["https:\/\/galiciagreenspainproperty.com\/es\/galicia\/pontevedra\/"]}]},{"@type":"ImageObject","inLanguage":"es","@id":"https:\/\/galiciagreenspainproperty.com\/es\/galicia\/pontevedra\/#primaryimage","url":"https:\/\/galiciagreenspainproperty.com\/wp-content\/uploads\/2022\/05\/view-of-vigo-from-the-peneda-mountain-2021-08-30-02-23-11-utc.jpg","contentUrl":"https:\/\/galiciagreenspainproperty.com\/wp-content\/uploads\/2022\/05\/view-of-vigo-from-the-peneda-mountain-2021-08-30-02-23-11-utc.jpg","width":2000,"height":1125},{"@type":"BreadcrumbList","@id":"https:\/\/galiciagreenspainproperty.com\/es\/galicia\/pontevedra\/#breadcrumb","itemListElement":[{"@type":"ListItem","position":1,"name":"Home","item":"https:\/\/galiciagreenspainproperty.com\/es\/"},{"@type":"ListItem","position":2,"name":"Galicia","item":"https:\/\/galiciagreenspainproperty.com\/es\/galicia\/"},{"@type":"ListItem","position":3,"name":"Pontevedra"}]},{"@type":"WebSite","@id":"https:\/\/galiciagreenspainproperty.com\/es\/#website","url":"https:\/\/galiciagreenspainproperty.com\/es\/","name":"Galicia &amp; Green Spain Relocation &amp; Property Services","description":"Galicia &amp; Green Spain Relocation &amp; Property Services","publisher":{"@id":"https:\/\/galiciagreenspainproperty.com\/es\/#organization"},"potentialAction":[{"@type":"SearchAction","target":{"@type":"EntryPoint","urlTemplate":"https:\/\/galiciagreenspainproperty.com\/es\/?s={search_term_string}"},"query-input":{"@type":"PropertyValueSpecification","valueRequired":true,"valueName":"search_term_string"}}],"inLanguage":"es"},{"@type":"Organization","@id":"https:\/\/galiciagreenspainproperty.com\/es\/#organization","name":"Galicia Green Spain Property","url":"https:\/\/galiciagreenspainproperty.com\/es\/","logo":{"@type":"ImageObject","inLanguage":"es","@id":"https:\/\/galiciagreenspainproperty.com\/es\/#\/schema\/logo\/image\/","url":"https:\/\/galiciagreenspainproperty.com\/wp-content\/uploads\/2022\/05\/gg-logo-white-background-150x132-1.jpg","contentUrl":"https:\/\/galiciagreenspainproperty.com\/wp-content\/uploads\/2022\/05\/gg-logo-white-background-150x132-1.jpg","width":150,"height":132,"caption":"Galicia Green Spain Property"},"image":{"@id":"https:\/\/galiciagreenspainproperty.com\/es\/#\/schema\/logo\/image\/"}}]}},"pbg_featured_image_src":{"full":["https:\/\/galiciagreenspainproperty.com\/wp-content\/uploads\/2022\/05\/view-of-vigo-from-the-peneda-mountain-2021-08-30-02-23-11-utc.jpg",2000,1125,false],"thumbnail":["https:\/\/galiciagreenspainproperty.com\/wp-content\/uploads\/2022\/05\/view-of-vigo-from-the-peneda-mountain-2021-08-30-02-23-11-utc-150x150.jpg",150,150,true],"medium":["https:\/\/galiciagreenspainproperty.com\/wp-content\/uploads\/2022\/05\/view-of-vigo-from-the-peneda-mountain-2021-08-30-02-23-11-utc-300x169.jpg",300,169,true],"medium_large":["https:\/\/galiciagreenspainproperty.com\/wp-content\/uploads\/2022\/05\/view-of-vigo-from-the-peneda-mountain-2021-08-30-02-23-11-utc-768x432.jpg",768,432,true],"large":["https:\/\/galiciagreenspainproperty.com\/wp-content\/uploads\/2022\/05\/view-of-vigo-from-the-peneda-mountain-2021-08-30-02-23-11-utc-1024x576.jpg",1024,576,true],"1536x1536":["https:\/\/galiciagreenspainproperty.com\/wp-content\/uploads\/2022\/05\/view-of-vigo-from-the-peneda-mountain-2021-08-30-02-23-11-utc-1536x864.jpg",1536,864,true],"2048x2048":["https:\/\/galiciagreenspainproperty.com\/wp-content\/uploads\/2022\/05\/view-of-vigo-from-the-peneda-mountain-2021-08-30-02-23-11-utc.jpg",2000,1125,false],"post-thumbnail":["https:\/\/galiciagreenspainproperty.com\/wp-content\/uploads\/2022\/05\/view-of-vigo-from-the-peneda-mountain-2021-08-30-02-23-11-utc-250x220.jpg",250,220,true],"user_picture_profile":["https:\/\/galiciagreenspainproperty.com\/wp-content\/uploads\/2022\/05\/view-of-vigo-from-the-peneda-mountain-2021-08-30-02-23-11-utc-255x143.jpg",255,143,true],"agent_picture_thumb":["https:\/\/galiciagreenspainproperty.com\/wp-content\/uploads\/2022\/05\/view-of-vigo-from-the-peneda-mountain-2021-08-30-02-23-11-utc-120x120.jpg",120,120,true],"blog_thumb":["https:\/\/galiciagreenspainproperty.com\/wp-content\/uploads\/2022\/05\/view-of-vigo-from-the-peneda-mountain-2021-08-30-02-23-11-utc-272x189.jpg",272,189,true],"blog_unit":["https:\/\/galiciagreenspainproperty.com\/wp-content\/uploads\/2022\/05\/view-of-vigo-from-the-peneda-mountain-2021-08-30-02-23-11-utc-1110x385.jpg",1110,385,true],"slider_thumb":["https:\/\/galiciagreenspainproperty.com\/wp-content\/uploads\/2022\/05\/view-of-vigo-from-the-peneda-mountain-2021-08-30-02-23-11-utc-143x83.jpg",143,83,true],"property_featured_sidebar":["https:\/\/galiciagreenspainproperty.com\/wp-content\/uploads\/2022\/05\/view-of-vigo-from-the-peneda-mountain-2021-08-30-02-23-11-utc-768x662.jpg",768,662,true],"property_listings":["https:\/\/galiciagreenspainproperty.com\/wp-content\/uploads\/2022\/05\/view-of-vigo-from-the-peneda-mountain-2021-08-30-02-23-11-utc-525x328.jpg",525,328,true],"property_full":["https:\/\/galiciagreenspainproperty.com\/wp-content\/uploads\/2022\/05\/view-of-vigo-from-the-peneda-mountain-2021-08-30-02-23-11-utc-980x777.jpg",980,777,true],"listing_full_slider":["https:\/\/galiciagreenspainproperty.com\/wp-content\/uploads\/2022\/05\/view-of-vigo-from-the-peneda-mountain-2021-08-30-02-23-11-utc-835x467.jpg",835,467,true],"listing_full_slider_1":["https:\/\/galiciagreenspainproperty.com\/wp-content\/uploads\/2022\/05\/view-of-vigo-from-the-peneda-mountain-2021-08-30-02-23-11-utc-1110x623.jpg",1110,623,true],"property_featured":["https:\/\/galiciagreenspainproperty.com\/wp-content\/uploads\/2022\/05\/view-of-vigo-from-the-peneda-mountain-2021-08-30-02-23-11-utc-940x390.jpg",940,390,true],"property_full_map":["https:\/\/galiciagreenspainproperty.com\/wp-content\/uploads\/2022\/05\/view-of-vigo-from-the-peneda-mountain-2021-08-30-02-23-11-utc-1920x790.jpg",1920,790,true],"widget_thumb":["https:\/\/galiciagreenspainproperty.com\/wp-content\/uploads\/2022\/05\/view-of-vigo-from-the-peneda-mountain-2021-08-30-02-23-11-utc-105x70.jpg",105,70,true],"user_thumb":["https:\/\/galiciagreenspainproperty.com\/wp-content\/uploads\/2022\/05\/view-of-vigo-from-the-peneda-mountain-2021-08-30-02-23-11-utc-45x45.jpg",45,45,true],"custom_slider_thumb":["https:\/\/galiciagreenspainproperty.com\/wp-content\/uploads\/2022\/05\/view-of-vigo-from-the-peneda-mountain-2021-08-30-02-23-11-utc-36x36.jpg",36,36,true],"post_thumbnail_size":["https:\/\/galiciagreenspainproperty.com\/wp-content\/uploads\/2022\/05\/view-of-vigo-from-the-peneda-mountain-2021-08-30-02-23-11-utc.jpg",250,141,false]},"pbg_author_info":{"display_name":"bodaiz","author_link":"https:\/\/galiciagreenspainproperty.com\/es\/author\/bodaiz\/","author_img":false},"pbg_comment_info":" No Comments","pbg_excerpt":"Esta provincia limita con A Coru\u00f1a al norte, Lugo al noreste, Ourense al este, Portugal al sur y el Oc\u00e9ano Atl\u00e1ntico al oeste, por lo que ha bebido de todas estas influencias para formar su propio car\u00e1cter. Especialmente conocido por sus incre\u00edbles ubicaciones costeras, como las de las R\u00edas Baixas y Val Mi\u00f1or. Pontevedra es&hellip;","_links":{"self":[{"href":"https:\/\/galiciagreenspainproperty.com\/es\/wp-json\/wp\/v2\/pages\/33003","targetHints":{"allow":["GET"]}}],"collection":[{"href":"https:\/\/galiciagreenspainproperty.com\/es\/wp-json\/wp\/v2\/pages"}],"about":[{"href":"https:\/\/galiciagreenspainproperty.com\/es\/wp-json\/wp\/v2\/types\/page"}],"author":[{"embeddable":true,"href":"https:\/\/galiciagreenspainproperty.com\/es\/wp-json\/wp\/v2\/users\/1"}],"replies":[{"embeddable":true,"href":"https:\/\/galiciagreenspainproperty.com\/es\/wp-json\/wp\/v2\/comments?post=33003"}],"version-history":[{"count":1,"href":"https:\/\/galiciagreenspainproperty.com\/es\/wp-json\/wp\/v2\/pages\/33003\/revisions"}],"predecessor-version":[{"id":33004,"href":"https:\/\/galiciagreenspainproperty.com\/es\/wp-json\/wp\/v2\/pages\/33003\/revisions\/33004"}],"up":[{"embeddable":true,"href":"https:\/\/galiciagreenspainproperty.com\/es\/wp-json\/wp\/v2\/pages\/32990"}],"wp:featuredmedia":[{"embeddable":true,"href":"https:\/\/galiciagreenspainproperty.com\/es\/wp-json\/wp\/v2\/media\/32977"}],"wp:attachment":[{"href":"https:\/\/galiciagreenspainproperty.com\/es\/wp-json\/wp\/v2\/media?parent=33003"}],"curies":[{"name":"wp","href":"https:\/\/api.w.org\/{rel}","templated":true}]}}